{"id":2412,"date":"2024-06-26T09:14:02","date_gmt":"2024-06-26T09:14:02","guid":{"rendered":"https:\/\/turismerural.labatllia.com\/activitats\/"},"modified":"2024-06-26T11:04:00","modified_gmt":"2024-06-26T11:04:00","slug":"actividades","status":"publish","type":"page","link":"https:\/\/turismerural.labatllia.com\/es\/actividades\/","title":{"rendered":"+ Actividades"},"content":{"rendered":"<p><div class=\"fusion-fullwidth fullwidth-box fusion-builder-row-1 nonhundred-percent-fullwidth non-hundred-percent-height-scrolling fusion-equal-height-columns\" style=\"--awb-border-radius-top-left:0px;--awb-border-radius-top-right:0px;--awb-border-radius-bottom-right:0px;--awb-border-radius-bottom-left:0px;--awb-padding-top:40px;--awb-padding-bottom:40px;--awb-background-color:rgba(139,195,74,0.88);--awb-flex-wrap:wrap;\" ><div class=\"fusion-builder-row fusion-row\"><div class=\"fusion-layout-column fusion_builder_column fusion-builder-column-0 fusion_builder_column_2_3 2_3 fusion-two-third fusion-column-first fusion-animated\" style=\"--awb-bg-size:cover;width:66.666666666667%;width:calc(66.666666666667% - ( ( 4% ) * 0.66666666666667 ) );margin-right: 4%;\" data-animationType=\"fadeInLeft\" data-animationDuration=\"0.6\" data-animationOffset=\"top-into-view\"><div class=\"fusion-column-wrapper fusion-flex-column-wrapper-legacy\"><div class=\"fusion-column-content-centered\"><div class=\"fusion-column-content\"><div class=\"fusion-title title fusion-title-1 fusion-sep-none fusion-title-text fusion-title-size-two\" style=\"--awb-text-color:#ffffff;--awb-margin-bottom:0px;--awb-margin-top-small:0px;--awb-margin-right-small:0px;--awb-margin-bottom-small:20px;--awb-margin-left-small:0px;\"><h2 class=\"fusion-title-heading title-heading-left\" style=\"margin:0;\">Reserva ara la teva estada<\/h2><\/div><\/div><\/div><div class=\"fusion-clearfix\"><\/div><\/div><\/div><div class=\"fusion-layout-column fusion_builder_column fusion-builder-column-1 fusion_builder_column_1_3 1_3 fusion-one-third fusion-column-last fusion-animated\" style=\"--awb-bg-size:cover;width:33.333333333333%;width:calc(33.333333333333% - ( ( 4% ) * 0.33333333333333 ) );\" data-animationType=\"fadeInRight\" data-animationDuration=\"0.6\" data-animationOffset=\"top-into-view\"><div class=\"fusion-column-wrapper fusion-column-has-shadow fusion-flex-column-wrapper-legacy\"><div class=\"fusion-alignright\"><a class=\"fusion-button button-flat button-xlarge button-custom fusion-button-default button-1 fusion-button-default-span fusion-button-default-type fusion-animated\" style=\"--button_accent_color:#ffffff;--button_accent_hover_color:#ffffff;--button_border_hover_color:#ffffff;--button_gradient_top_color:#828282;--button_gradient_bottom_color:#828282;--button_gradient_top_color_hover:#000000;--button_gradient_bottom_color_hover:#000000;\" data-animationType=\"fadeInLeft\" data-animationDuration=\"0.6\" data-animationOffset=\"top-into-view\" target=\"_self\" href=\"https:\/\/turismerural.labatllia.com\/reserva-online\/\"><i class=\"fa-calendar-alt far awb-button__icon awb-button__icon--default button-icon-left\" aria-hidden=\"true\"><\/i><span class=\"fusion-button-text awb-button__text awb-button__text--default\">Reserva online<\/span><\/a><\/div><div class=\"fusion-clearfix\"><\/div><\/div><\/div><\/div><\/div><div class=\"fusion-fullwidth fullwidth-box fusion-builder-row-2 nonhundred-percent-fullwidth non-hundred-percent-height-scrolling\" style=\"--awb-border-radius-top-left:0px;--awb-border-radius-top-right:0px;--awb-border-radius-bottom-right:0px;--awb-border-radius-bottom-left:0px;--awb-padding-top:80px;--awb-padding-right:10px;--awb-padding-bottom:40px;--awb-padding-left:10px;--awb-background-color:rgba(255,255,255,0);--awb-flex-wrap:wrap;\" ><div class=\"fusion-builder-row fusion-row\"><div class=\"fusion-layout-column fusion_builder_column fusion-builder-column-2 fusion_builder_column_1_1 1_1 fusion-one-full fusion-column-first fusion-column-last fusion-animated\" style=\"--awb-bg-size:cover;\" data-animationType=\"fadeInLeft\" data-animationDuration=\"0.6\" data-animationOffset=\"top-into-view\"><div class=\"fusion-column-wrapper fusion-flex-column-wrapper-legacy\"><div class=\"fusion-title title fusion-title-2 fusion-sep-none fusion-title-center fusion-title-text fusion-title-size-two\" style=\"--awb-margin-top-small:0px;--awb-margin-right-small:0px;--awb-margin-bottom-small:20px;--awb-margin-left-small:0px;\"><h2 class=\"fusion-title-heading title-heading-center\" style=\"margin:0;\"><p style=\"text-align: center;\">+ Actividades<\/p><\/h2><\/div><div class=\"fusion-clearfix\"><\/div><\/div><\/div><\/div><\/div><div class=\"fusion-fullwidth fullwidth-box fusion-builder-row-3 fusion-flex-container nonhundred-percent-fullwidth non-hundred-percent-height-scrolling\" style=\"--awb-border-radius-top-left:0px;--awb-border-radius-top-right:0px;--awb-border-radius-bottom-right:0px;--awb-border-radius-bottom-left:0px;--awb-flex-wrap:wrap;\" ><div class=\"fusion-builder-row fusion-row fusion-flex-align-items-flex-start fusion-flex-content-wrap\" style=\"max-width:1185.6px;margin-left: calc(-4% \/ 2 );margin-right: calc(-4% \/ 2 );\"><div class=\"fusion-layout-column fusion_builder_column fusion-builder-column-3 fusion_builder_column_1_3 1_3 fusion-flex-column fusion-column-inner-bg-wrapper\" style=\"--awb-inner-bg-size:cover;--awb-width-large:33.333333333333%;--awb-margin-top-large:0px;--awb-spacing-right-large:5.76%;--awb-margin-bottom-large:0px;--awb-spacing-left-large:5.76%;--awb-width-medium:100%;--awb-order-medium:0;--awb-spacing-right-medium:1.92%;--awb-spacing-left-medium:1.92%;--awb-width-small:100%;--awb-order-small:0;--awb-spacing-right-small:1.92%;--awb-spacing-left-small:1.92%;\"><span class=\"fusion-column-inner-bg hover-type-none\"><a class=\"fusion-column-anchor\" href=\"https:\/\/www.viesverdes.cat\/rutes_vies_verdes\/ruta-del-ferro-i-del-carbo\/\" rel=\"noopener noreferrer\" target=\"_blank\"><span class=\"fusion-column-inner-bg-image\"><\/span><\/a><\/span><div class=\"fusion-column-wrapper fusion-column-has-shadow fusion-flex-justify-content-flex-start fusion-content-layout-column\"><div class=\"fusion-image-element \" style=\"--awb-margin-bottom:10px;--awb-caption-title-font-family:var(--h2_typography-font-family);--awb-caption-title-font-weight:var(--h2_typography-font-weight);--awb-caption-title-font-style:var(--h2_typography-font-style);--awb-caption-title-size:var(--h2_typography-font-size);--awb-caption-title-transform:var(--h2_typography-text-transform);--awb-caption-title-line-height:var(--h2_typography-line-height);--awb-caption-title-letter-spacing:var(--h2_typography-letter-spacing);\"><span class=\" fusion-imageframe imageframe-none imageframe-1 hover-type-none\"><img decoding=\"async\" width=\"600\" height=\"400\" title=\"RUTA DEL FERRO\" src=\"https:\/\/turismerural.labatllia.com\/wp-content\/uploads\/2024\/06\/RUTA-DEL-FERRO.webp\" alt class=\"img-responsive wp-image-2408\" srcset=\"https:\/\/turismerural.labatllia.com\/wp-content\/uploads\/2024\/06\/RUTA-DEL-FERRO-200x133.webp 200w, https:\/\/turismerural.labatllia.com\/wp-content\/uploads\/2024\/06\/RUTA-DEL-FERRO-400x267.webp 400w, https:\/\/turismerural.labatllia.com\/wp-content\/uploads\/2024\/06\/RUTA-DEL-FERRO.webp 600w\" sizes=\"(max-width: 1024px) 100vw, (max-width: 640px) 100vw, 400px\" \/><\/span><\/div><div class=\"fusion-title title fusion-title-3 fusion-sep-none fusion-title-text fusion-title-size-two\" style=\"--awb-margin-top-small:0px;--awb-margin-right-small:0px;--awb-margin-bottom-small:20px;--awb-margin-left-small:0px;--awb-font-size:18px;\"><h2 class=\"fusion-title-heading title-heading-left\" style=\"font-family:&quot;Poppins&quot;;font-style:normal;font-weight:700;margin:0;font-size:1em;\">La ruta V\u00eda verde Ferro i Carb\u00f3<\/h2><\/div><\/div><\/div><div class=\"fusion-layout-column fusion_builder_column fusion-builder-column-4 fusion_builder_column_1_3 1_3 fusion-flex-column fusion-column-inner-bg-wrapper\" style=\"--awb-inner-bg-size:cover;--awb-width-large:33.333333333333%;--awb-margin-top-large:0px;--awb-spacing-right-large:5.76%;--awb-margin-bottom-large:0px;--awb-spacing-left-large:5.76%;--awb-width-medium:100%;--awb-order-medium:0;--awb-spacing-right-medium:1.92%;--awb-spacing-left-medium:1.92%;--awb-width-small:100%;--awb-order-small:0;--awb-spacing-right-small:1.92%;--awb-spacing-left-small:1.92%;\"><span class=\"fusion-column-inner-bg hover-type-none\"><a class=\"fusion-column-anchor\" href=\"https:\/\/monestirsantjoanabadesses.cat\/\" rel=\"noopener noreferrer\" target=\"_blank\"><span class=\"fusion-column-inner-bg-image\"><\/span><\/a><\/span><div class=\"fusion-column-wrapper fusion-column-has-shadow fusion-flex-justify-content-flex-start fusion-content-layout-column\"><div class=\"fusion-image-element \" style=\"--awb-margin-bottom:10px;--awb-caption-title-font-family:var(--h2_typography-font-family);--awb-caption-title-font-weight:var(--h2_typography-font-weight);--awb-caption-title-font-style:var(--h2_typography-font-style);--awb-caption-title-size:var(--h2_typography-font-size);--awb-caption-title-transform:var(--h2_typography-text-transform);--awb-caption-title-line-height:var(--h2_typography-line-height);--awb-caption-title-letter-spacing:var(--h2_typography-letter-spacing);\"><span class=\" fusion-imageframe imageframe-none imageframe-2 hover-type-none\"><img decoding=\"async\" width=\"600\" height=\"400\" title=\"MONESTIR DE SANT JOAN ABADESSES\" src=\"https:\/\/turismerural.labatllia.com\/wp-content\/uploads\/2024\/06\/MONESTIR-DE-SANT-JOAN-ABADESSES.webp\" alt class=\"img-responsive wp-image-2404\" srcset=\"https:\/\/turismerural.labatllia.com\/wp-content\/uploads\/2024\/06\/MONESTIR-DE-SANT-JOAN-ABADESSES-200x133.webp 200w, https:\/\/turismerural.labatllia.com\/wp-content\/uploads\/2024\/06\/MONESTIR-DE-SANT-JOAN-ABADESSES-400x267.webp 400w, https:\/\/turismerural.labatllia.com\/wp-content\/uploads\/2024\/06\/MONESTIR-DE-SANT-JOAN-ABADESSES.webp 600w\" sizes=\"(max-width: 1024px) 100vw, (max-width: 640px) 100vw, 400px\" \/><\/span><\/div><div class=\"fusion-title title fusion-title-4 fusion-sep-none fusion-title-text fusion-title-size-two\" style=\"--awb-margin-top-small:0px;--awb-margin-right-small:0px;--awb-margin-bottom-small:20px;--awb-margin-left-small:0px;--awb-font-size:18px;\"><h2 class=\"fusion-title-heading title-heading-left\" style=\"font-family:&quot;Poppins&quot;;font-style:normal;font-weight:700;margin:0;font-size:1em;\">Monasterio de Sant Joan de les Abadesses<\/h2><\/div><\/div><\/div><div class=\"fusion-layout-column fusion_builder_column fusion-builder-column-5 fusion_builder_column_1_3 1_3 fusion-flex-column fusion-column-inner-bg-wrapper\" style=\"--awb-inner-bg-size:cover;--awb-width-large:33.333333333333%;--awb-margin-top-large:0px;--awb-spacing-right-large:5.76%;--awb-margin-bottom-large:0px;--awb-spacing-left-large:5.76%;--awb-width-medium:100%;--awb-order-medium:0;--awb-spacing-right-medium:1.92%;--awb-spacing-left-medium:1.92%;--awb-width-small:100%;--awb-order-small:0;--awb-spacing-right-small:1.92%;--awb-spacing-left-small:1.92%;\"><span class=\"fusion-column-inner-bg hover-type-none\"><a class=\"fusion-column-anchor\" href=\"https:\/\/www.molloparc.com\" rel=\"noopener noreferrer\" target=\"_blank\"><span class=\"fusion-column-inner-bg-image\"><\/span><\/a><\/span><div class=\"fusion-column-wrapper fusion-column-has-shadow fusion-flex-justify-content-flex-start fusion-content-layout-column\"><div class=\"fusion-image-element \" style=\"--awb-margin-bottom:10px;--awb-caption-title-font-family:var(--h2_typography-font-family);--awb-caption-title-font-weight:var(--h2_typography-font-weight);--awb-caption-title-font-style:var(--h2_typography-font-style);--awb-caption-title-size:var(--h2_typography-font-size);--awb-caption-title-transform:var(--h2_typography-text-transform);--awb-caption-title-line-height:var(--h2_typography-line-height);--awb-caption-title-letter-spacing:var(--h2_typography-letter-spacing);\"><span class=\" fusion-imageframe imageframe-none imageframe-3 hover-type-none\"><img decoding=\"async\" width=\"600\" height=\"400\" title=\"MOLLO PARC\" src=\"https:\/\/turismerural.labatllia.com\/wp-content\/uploads\/2024\/06\/MOLLO-PARC.webp\" alt class=\"img-responsive wp-image-2400\" srcset=\"https:\/\/turismerural.labatllia.com\/wp-content\/uploads\/2024\/06\/MOLLO-PARC-200x133.webp 200w, https:\/\/turismerural.labatllia.com\/wp-content\/uploads\/2024\/06\/MOLLO-PARC-400x267.webp 400w, https:\/\/turismerural.labatllia.com\/wp-content\/uploads\/2024\/06\/MOLLO-PARC.webp 600w\" sizes=\"(max-width: 1024px) 100vw, (max-width: 640px) 100vw, 400px\" \/><\/span><\/div><div class=\"fusion-title title fusion-title-5 fusion-sep-none fusion-title-text fusion-title-size-two\" style=\"--awb-margin-top-small:0px;--awb-margin-right-small:0px;--awb-margin-bottom-small:20px;--awb-margin-left-small:0px;--awb-font-size:18px;\"><h2 class=\"fusion-title-heading title-heading-left\" style=\"font-family:&quot;Poppins&quot;;font-style:normal;font-weight:700;margin:0;font-size:1em;\">Moll\u00f3 Parc<\/h2><\/div><\/div><\/div><div class=\"fusion-layout-column fusion_builder_column fusion-builder-column-6 fusion_builder_column_1_3 1_3 fusion-flex-column fusion-column-inner-bg-wrapper\" style=\"--awb-inner-bg-size:cover;--awb-width-large:33.333333333333%;--awb-margin-top-large:0px;--awb-spacing-right-large:5.76%;--awb-margin-bottom-large:0px;--awb-spacing-left-large:5.76%;--awb-width-medium:100%;--awb-order-medium:0;--awb-spacing-right-medium:1.92%;--awb-spacing-left-medium:1.92%;--awb-width-small:100%;--awb-order-small:0;--awb-spacing-right-small:1.92%;--awb-spacing-left-small:1.92%;\"><span class=\"fusion-column-inner-bg hover-type-none\"><a class=\"fusion-column-anchor\" href=\"https:\/\/www.grexperience.org\" rel=\"noopener noreferrer\" target=\"_blank\"><span class=\"fusion-column-inner-bg-image\"><\/span><\/a><\/span><div class=\"fusion-column-wrapper fusion-column-has-shadow fusion-flex-justify-content-flex-start fusion-content-layout-column\"><div class=\"fusion-image-element \" style=\"--awb-margin-bottom:10px;--awb-caption-title-font-family:var(--h2_typography-font-family);--awb-caption-title-font-weight:var(--h2_typography-font-weight);--awb-caption-title-font-style:var(--h2_typography-font-style);--awb-caption-title-size:var(--h2_typography-font-size);--awb-caption-title-transform:var(--h2_typography-text-transform);--awb-caption-title-line-height:var(--h2_typography-line-height);--awb-caption-title-letter-spacing:var(--h2_typography-letter-spacing);\"><span class=\" fusion-imageframe imageframe-none imageframe-4 hover-type-none\"><img decoding=\"async\" width=\"600\" height=\"400\" title=\"GR EXPERIENCE\" src=\"https:\/\/turismerural.labatllia.com\/wp-content\/uploads\/2024\/06\/GR-EXPERIENCE.webp\" alt class=\"img-responsive wp-image-2396\" srcset=\"https:\/\/turismerural.labatllia.com\/wp-content\/uploads\/2024\/06\/GR-EXPERIENCE-200x133.webp 200w, https:\/\/turismerural.labatllia.com\/wp-content\/uploads\/2024\/06\/GR-EXPERIENCE-400x267.webp 400w, https:\/\/turismerural.labatllia.com\/wp-content\/uploads\/2024\/06\/GR-EXPERIENCE.webp 600w\" sizes=\"(max-width: 1024px) 100vw, (max-width: 640px) 100vw, 400px\" \/><\/span><\/div><div class=\"fusion-title title fusion-title-6 fusion-sep-none fusion-title-text fusion-title-size-two\" style=\"--awb-margin-top-small:0px;--awb-margin-right-small:0px;--awb-margin-bottom-small:20px;--awb-margin-left-small:0px;--awb-font-size:18px;\"><h2 class=\"fusion-title-heading title-heading-left\" style=\"font-family:&quot;Poppins&quot;;font-style:normal;font-weight:700;margin:0;font-size:1em;\">GR Experience<\/h2><\/div><\/div><\/div><div class=\"fusion-layout-column fusion_builder_column fusion-builder-column-7 fusion_builder_column_1_3 1_3 fusion-flex-column fusion-column-inner-bg-wrapper\" style=\"--awb-inner-bg-size:cover;--awb-width-large:33.333333333333%;--awb-margin-top-large:0px;--awb-spacing-right-large:5.76%;--awb-margin-bottom-large:0px;--awb-spacing-left-large:5.76%;--awb-width-medium:100%;--awb-order-medium:0;--awb-spacing-right-medium:1.92%;--awb-spacing-left-medium:1.92%;--awb-width-small:100%;--awb-order-small:0;--awb-spacing-right-small:1.92%;--awb-spacing-left-small:1.92%;\"><span class=\"fusion-column-inner-bg hover-type-none\"><a class=\"fusion-column-anchor\" href=\"https:\/\/parcsnaturals.gencat.cat\/ca\/xarxa-de-parcs\/fitxes-dels-parcs\/fitxa-capcaleres-del-ter-i-freser\/index.html\" rel=\"noopener noreferrer\" target=\"_blank\"><span class=\"fusion-column-inner-bg-image\"><\/span><\/a><\/span><div class=\"fusion-column-wrapper fusion-column-has-shadow fusion-flex-justify-content-flex-start fusion-content-layout-column\"><div class=\"fusion-image-element \" style=\"--awb-margin-bottom:10px;--awb-caption-title-font-family:var(--h2_typography-font-family);--awb-caption-title-font-weight:var(--h2_typography-font-weight);--awb-caption-title-font-style:var(--h2_typography-font-style);--awb-caption-title-size:var(--h2_typography-font-size);--awb-caption-title-transform:var(--h2_typography-text-transform);--awb-caption-title-line-height:var(--h2_typography-line-height);--awb-caption-title-letter-spacing:var(--h2_typography-letter-spacing);\"><span class=\" fusion-imageframe imageframe-none imageframe-5 hover-type-none\"><img decoding=\"async\" width=\"600\" height=\"400\" title=\"capcaleres TER i FRESER\" src=\"https:\/\/turismerural.labatllia.com\/wp-content\/uploads\/2024\/06\/capcaleres-TER-i-FRESER.webp\" alt class=\"img-responsive wp-image-2392\" srcset=\"https:\/\/turismerural.labatllia.com\/wp-content\/uploads\/2024\/06\/capcaleres-TER-i-FRESER-200x133.webp 200w, https:\/\/turismerural.labatllia.com\/wp-content\/uploads\/2024\/06\/capcaleres-TER-i-FRESER-400x267.webp 400w, https:\/\/turismerural.labatllia.com\/wp-content\/uploads\/2024\/06\/capcaleres-TER-i-FRESER.webp 600w\" sizes=\"(max-width: 1024px) 100vw, (max-width: 640px) 100vw, 400px\" \/><\/span><\/div><div class=\"fusion-title title fusion-title-7 fusion-sep-none fusion-title-text fusion-title-size-two\" style=\"--awb-margin-top-small:0px;--awb-margin-right-small:0px;--awb-margin-bottom-small:20px;--awb-margin-left-small:0px;--awb-font-size:18px;\"><h2 class=\"fusion-title-heading title-heading-left\" style=\"font-family:&quot;Poppins&quot;;font-style:normal;font-weight:700;margin:0;font-size:1em;\">Parque Natural de les Cap\u00e7aleres del Ter i del Freser<\/h2><\/div><\/div><\/div><div class=\"fusion-layout-column fusion_builder_column fusion-builder-column-8 fusion_builder_column_1_3 1_3 fusion-flex-column fusion-column-inner-bg-wrapper\" style=\"--awb-inner-bg-size:cover;--awb-width-large:33.333333333333%;--awb-margin-top-large:0px;--awb-spacing-right-large:5.76%;--awb-margin-bottom-large:0px;--awb-spacing-left-large:5.76%;--awb-width-medium:100%;--awb-order-medium:0;--awb-spacing-right-medium:1.92%;--awb-spacing-left-medium:1.92%;--awb-width-small:100%;--awb-order-small:0;--awb-spacing-right-small:1.92%;--awb-spacing-left-small:1.92%;\"><span class=\"fusion-column-inner-bg hover-type-none\"><a class=\"fusion-column-anchor\" href=\"https:\/\/ripollesturisme.cat\/agenda\/\" rel=\"noopener noreferrer\" target=\"_blank\"><span class=\"fusion-column-inner-bg-image\"><\/span><\/a><\/span><div class=\"fusion-column-wrapper fusion-column-has-shadow fusion-flex-justify-content-flex-start fusion-content-layout-column\"><div class=\"fusion-image-element \" style=\"--awb-margin-bottom:10px;--awb-caption-title-font-family:var(--h2_typography-font-family);--awb-caption-title-font-weight:var(--h2_typography-font-weight);--awb-caption-title-font-style:var(--h2_typography-font-style);--awb-caption-title-size:var(--h2_typography-font-size);--awb-caption-title-transform:var(--h2_typography-text-transform);--awb-caption-title-line-height:var(--h2_typography-line-height);--awb-caption-title-letter-spacing:var(--h2_typography-letter-spacing);\"><span class=\" fusion-imageframe imageframe-none imageframe-6 hover-type-none\"><img decoding=\"async\" width=\"600\" height=\"400\" title=\"AGENDA RIPOLLES\" src=\"https:\/\/turismerural.labatllia.com\/wp-content\/uploads\/2024\/06\/AGENDA-RIPOLLES.webp\" alt class=\"img-responsive wp-image-2388\" srcset=\"https:\/\/turismerural.labatllia.com\/wp-content\/uploads\/2024\/06\/AGENDA-RIPOLLES-200x133.webp 200w, https:\/\/turismerural.labatllia.com\/wp-content\/uploads\/2024\/06\/AGENDA-RIPOLLES-400x267.webp 400w, https:\/\/turismerural.labatllia.com\/wp-content\/uploads\/2024\/06\/AGENDA-RIPOLLES.webp 600w\" sizes=\"(max-width: 1024px) 100vw, (max-width: 640px) 100vw, 400px\" \/><\/span><\/div><div class=\"fusion-title title fusion-title-8 fusion-sep-none fusion-title-text fusion-title-size-two\" style=\"--awb-margin-top-small:0px;--awb-margin-right-small:0px;--awb-margin-bottom-small:20px;--awb-margin-left-small:0px;--awb-font-size:18px;\"><h2 class=\"fusion-title-heading title-heading-left\" style=\"font-family:&quot;Poppins&quot;;font-style:normal;font-weight:700;margin:0;font-size:1em;\">Agenda de actividades del Ripoll\u00e8s<\/h2><\/div><\/div><\/div><\/div><\/div><\/p>\n","protected":false},"excerpt":{"rendered":"","protected":false},"author":1,"featured_media":0,"parent":0,"menu_order":0,"comment_status":"closed","ping_status":"closed","template":"100-width.php","meta":{"footnotes":""},"class_list":["post-2412","page","type-page","status-publish","hentry"],"yoast_head":"<!-- This site is optimized with the Yoast SEO plugin v27.3 - https:\/\/yoast.com\/product\/yoast-seo-wordpress\/ -->\n<title>Descobreix Sant Joan de les Abadesses des de la Batllia i Viu-la!<\/title>\n<meta name=\"description\" content=\"Una poblaci\u00f3 amb m\u00e9s de 1100 anys d&#039;hist\u00f2ria que respira passat comtal. Hist\u00f2ria i patrimoni. Natura, esport i relax. Festes i tradicions.\" \/>\n<meta name=\"robots\" content=\"index, follow, max-snippet:-1, max-image-preview:large, max-video-preview:-1\" \/>\n<link rel=\"canonical\" href=\"https:\/\/turismerural.labatllia.com\/es\/actividades\/\" \/>\n<meta property=\"og:locale\" content=\"es_ES\" \/>\n<meta property=\"og:type\" content=\"article\" \/>\n<meta property=\"og:title\" content=\"Descobreix Sant Joan de les Abadesses des de la Batllia i Viu-la!\" \/>\n<meta property=\"og:description\" content=\"Una poblaci\u00f3 amb m\u00e9s de 1100 anys d&#039;hist\u00f2ria que respira passat comtal. Hist\u00f2ria i patrimoni. Natura, esport i relax. Festes i tradicions.\" \/>\n<meta property=\"og:url\" content=\"https:\/\/turismerural.labatllia.com\/es\/actividades\/\" \/>\n<meta property=\"og:site_name\" content=\"LA BATLLIA\" \/>\n<meta property=\"article:modified_time\" content=\"2024-06-26T11:04:00+00:00\" \/>\n<meta name=\"twitter:card\" content=\"summary_large_image\" \/>\n<meta name=\"twitter:label1\" content=\"Tiempo de lectura\" \/>\n\t<meta name=\"twitter:data1\" content=\"11 minutos\" \/>\n<script type=\"application\/ld+json\" class=\"yoast-schema-graph\">{\"@context\":\"https:\\\/\\\/schema.org\",\"@graph\":[{\"@type\":\"WebPage\",\"@id\":\"https:\\\/\\\/turismerural.labatllia.com\\\/es\\\/actividades\\\/\",\"url\":\"https:\\\/\\\/turismerural.labatllia.com\\\/es\\\/actividades\\\/\",\"name\":\"Descobreix Sant Joan de les Abadesses des de la Batllia i Viu-la!\",\"isPartOf\":{\"@id\":\"https:\\\/\\\/turismerural.labatllia.com\\\/#website\"},\"datePublished\":\"2024-06-26T09:14:02+00:00\",\"dateModified\":\"2024-06-26T11:04:00+00:00\",\"description\":\"Una poblaci\u00f3 amb m\u00e9s de 1100 anys d'hist\u00f2ria que respira passat comtal. Hist\u00f2ria i patrimoni. Natura, esport i relax. Festes i tradicions.\",\"breadcrumb\":{\"@id\":\"https:\\\/\\\/turismerural.labatllia.com\\\/es\\\/actividades\\\/#breadcrumb\"},\"inLanguage\":\"es\",\"potentialAction\":[{\"@type\":\"ReadAction\",\"target\":[\"https:\\\/\\\/turismerural.labatllia.com\\\/es\\\/actividades\\\/\"]}]},{\"@type\":\"BreadcrumbList\",\"@id\":\"https:\\\/\\\/turismerural.labatllia.com\\\/es\\\/actividades\\\/#breadcrumb\",\"itemListElement\":[{\"@type\":\"ListItem\",\"position\":1,\"name\":\"Inici\",\"item\":\"https:\\\/\\\/turismerural.labatllia.com\\\/es\\\/\"},{\"@type\":\"ListItem\",\"position\":2,\"name\":\"+ Actividades\"}]},{\"@type\":\"WebSite\",\"@id\":\"https:\\\/\\\/turismerural.labatllia.com\\\/#website\",\"url\":\"https:\\\/\\\/turismerural.labatllia.com\\\/\",\"name\":\"LA BATLLIA\",\"description\":\"Turisme Rural a Sant Joan de les Abadesses\",\"potentialAction\":[{\"@type\":\"SearchAction\",\"target\":{\"@type\":\"EntryPoint\",\"urlTemplate\":\"https:\\\/\\\/turismerural.labatllia.com\\\/?s={search_term_string}\"},\"query-input\":{\"@type\":\"PropertyValueSpecification\",\"valueRequired\":true,\"valueName\":\"search_term_string\"}}],\"inLanguage\":\"es\"}]}<\/script>\n<!-- \/ Yoast SEO plugin. -->","yoast_head_json":{"title":"Descobreix Sant Joan de les Abadesses des de la Batllia i Viu-la!","description":"Una poblaci\u00f3 amb m\u00e9s de 1100 anys d'hist\u00f2ria que respira passat comtal. Hist\u00f2ria i patrimoni. Natura, esport i relax. Festes i tradicions.","robots":{"index":"index","follow":"follow","max-snippet":"max-snippet:-1","max-image-preview":"max-image-preview:large","max-video-preview":"max-video-preview:-1"},"canonical":"https:\/\/turismerural.labatllia.com\/es\/actividades\/","og_locale":"es_ES","og_type":"article","og_title":"Descobreix Sant Joan de les Abadesses des de la Batllia i Viu-la!","og_description":"Una poblaci\u00f3 amb m\u00e9s de 1100 anys d'hist\u00f2ria que respira passat comtal. Hist\u00f2ria i patrimoni. Natura, esport i relax. Festes i tradicions.","og_url":"https:\/\/turismerural.labatllia.com\/es\/actividades\/","og_site_name":"LA BATLLIA","article_modified_time":"2024-06-26T11:04:00+00:00","twitter_card":"summary_large_image","twitter_misc":{"Tiempo de lectura":"11 minutos"},"schema":{"@context":"https:\/\/schema.org","@graph":[{"@type":"WebPage","@id":"https:\/\/turismerural.labatllia.com\/es\/actividades\/","url":"https:\/\/turismerural.labatllia.com\/es\/actividades\/","name":"Descobreix Sant Joan de les Abadesses des de la Batllia i Viu-la!","isPartOf":{"@id":"https:\/\/turismerural.labatllia.com\/#website"},"datePublished":"2024-06-26T09:14:02+00:00","dateModified":"2024-06-26T11:04:00+00:00","description":"Una poblaci\u00f3 amb m\u00e9s de 1100 anys d'hist\u00f2ria que respira passat comtal. Hist\u00f2ria i patrimoni. Natura, esport i relax. Festes i tradicions.","breadcrumb":{"@id":"https:\/\/turismerural.labatllia.com\/es\/actividades\/#breadcrumb"},"inLanguage":"es","potentialAction":[{"@type":"ReadAction","target":["https:\/\/turismerural.labatllia.com\/es\/actividades\/"]}]},{"@type":"BreadcrumbList","@id":"https:\/\/turismerural.labatllia.com\/es\/actividades\/#breadcrumb","itemListElement":[{"@type":"ListItem","position":1,"name":"Inici","item":"https:\/\/turismerural.labatllia.com\/es\/"},{"@type":"ListItem","position":2,"name":"+ Actividades"}]},{"@type":"WebSite","@id":"https:\/\/turismerural.labatllia.com\/#website","url":"https:\/\/turismerural.labatllia.com\/","name":"LA BATLLIA","description":"Turisme Rural a Sant Joan de les Abadesses","potentialAction":[{"@type":"SearchAction","target":{"@type":"EntryPoint","urlTemplate":"https:\/\/turismerural.labatllia.com\/?s={search_term_string}"},"query-input":{"@type":"PropertyValueSpecification","valueRequired":true,"valueName":"search_term_string"}}],"inLanguage":"es"}]}},"_links":{"self":[{"href":"https:\/\/turismerural.labatllia.com\/es\/wp-json\/wp\/v2\/pages\/2412","targetHints":{"allow":["GET"]}}],"collection":[{"href":"https:\/\/turismerural.labatllia.com\/es\/wp-json\/wp\/v2\/pages"}],"about":[{"href":"https:\/\/turismerural.labatllia.com\/es\/wp-json\/wp\/v2\/types\/page"}],"author":[{"embeddable":true,"href":"https:\/\/turismerural.labatllia.com\/es\/wp-json\/wp\/v2\/users\/1"}],"replies":[{"embeddable":true,"href":"https:\/\/turismerural.labatllia.com\/es\/wp-json\/wp\/v2\/comments?post=2412"}],"version-history":[{"count":5,"href":"https:\/\/turismerural.labatllia.com\/es\/wp-json\/wp\/v2\/pages\/2412\/revisions"}],"predecessor-version":[{"id":2418,"href":"https:\/\/turismerural.labatllia.com\/es\/wp-json\/wp\/v2\/pages\/2412\/revisions\/2418"}],"wp:attachment":[{"href":"https:\/\/turismerural.labatllia.com\/es\/wp-json\/wp\/v2\/media?parent=2412"}],"curies":[{"name":"wp","href":"https:\/\/api.w.org\/{rel}","templated":true}]}}