{"id":1173,"date":"2020-06-11T08:41:21","date_gmt":"2020-06-11T08:41:21","guid":{"rendered":"https:\/\/turismerural.labatllia.com\/allotjaments-copy\/"},"modified":"2024-06-26T08:10:25","modified_gmt":"2024-06-26T08:10:25","slug":"sant-joan-de-les-abadesses","status":"publish","type":"page","link":"https:\/\/turismerural.labatllia.com\/es\/sant-joan-de-les-abadesses\/","title":{"rendered":"Descubre Sant Joan de les Abadesses desde la Batllia y V\u00edvela!"},"content":{"rendered":"<p><div class=\"fusion-fullwidth fullwidth-box fusion-builder-row-1 nonhundred-percent-fullwidth non-hundred-percent-height-scrolling fusion-equal-height-columns\" style=\"--awb-border-radius-top-left:0px;--awb-border-radius-top-right:0px;--awb-border-radius-bottom-right:0px;--awb-border-radius-bottom-left:0px;--awb-padding-top:40px;--awb-padding-bottom:40px;--awb-background-color:rgba(139,195,74,0.88);--awb-flex-wrap:wrap;\" ><div class=\"fusion-builder-row fusion-row\"><div class=\"fusion-layout-column fusion_builder_column fusion-builder-column-0 fusion_builder_column_2_3 2_3 fusion-two-third fusion-column-first fusion-animated\" style=\"--awb-bg-size:cover;width:66.666666666667%;width:calc(66.666666666667% - ( ( 4% ) * 0.66666666666667 ) );margin-right: 4%;\" data-animationType=\"fadeInLeft\" data-animationDuration=\"0.6\" data-animationOffset=\"top-into-view\"><div class=\"fusion-column-wrapper fusion-flex-column-wrapper-legacy\"><div class=\"fusion-column-content-centered\"><div class=\"fusion-column-content\"><div class=\"fusion-title title fusion-title-1 fusion-sep-none fusion-title-text fusion-title-size-two\" style=\"--awb-text-color:#ffffff;--awb-margin-bottom:0px;--awb-margin-top-small:0px;--awb-margin-right-small:0px;--awb-margin-bottom-small:20px;--awb-margin-left-small:0px;\"><h2 class=\"fusion-title-heading title-heading-left\" style=\"margin:0;\">Reserva ahora tu estancia<\/h2><\/div><\/div><\/div><div class=\"fusion-clearfix\"><\/div><\/div><\/div><div class=\"fusion-layout-column fusion_builder_column fusion-builder-column-1 fusion_builder_column_1_3 1_3 fusion-one-third fusion-column-last fusion-animated\" style=\"--awb-bg-size:cover;width:33.333333333333%;width:calc(33.333333333333% - ( ( 4% ) * 0.33333333333333 ) );\" data-animationType=\"fadeInRight\" data-animationDuration=\"0.6\" data-animationOffset=\"top-into-view\"><div class=\"fusion-column-wrapper fusion-column-has-shadow fusion-flex-column-wrapper-legacy\"><div class=\"fusion-alignright\"><a class=\"fusion-button button-flat button-xlarge button-custom fusion-button-default button-1 fusion-button-default-span fusion-button-default-type fusion-animated\" style=\"--button_accent_color:#ffffff;--button_accent_hover_color:#ffffff;--button_border_hover_color:#ffffff;--button_gradient_top_color:#828282;--button_gradient_bottom_color:#828282;--button_gradient_top_color_hover:#000000;--button_gradient_bottom_color_hover:#000000;\" data-animationType=\"fadeInLeft\" data-animationDuration=\"0.6\" data-animationOffset=\"top-into-view\" target=\"_self\" href=\"https:\/\/turismerural.labatllia.com\/reserva-online\/\"><i class=\"fa-calendar-alt far awb-button__icon awb-button__icon--default button-icon-left\" aria-hidden=\"true\"><\/i><span class=\"fusion-button-text awb-button__text awb-button__text--default\">Reserva online<\/span><\/a><\/div><div class=\"fusion-clearfix\"><\/div><\/div><\/div><\/div><\/div><div class=\"fusion-fullwidth fullwidth-box fusion-builder-row-2 nonhundred-percent-fullwidth non-hundred-percent-height-scrolling\" style=\"--awb-border-radius-top-left:0px;--awb-border-radius-top-right:0px;--awb-border-radius-bottom-right:0px;--awb-border-radius-bottom-left:0px;--awb-padding-top:80px;--awb-padding-right:10px;--awb-padding-bottom:80px;--awb-padding-left:10px;--awb-background-color:rgba(255,255,255,0);--awb-flex-wrap:wrap;\" ><div class=\"fusion-builder-row fusion-row\"><div class=\"fusion-layout-column fusion_builder_column fusion-builder-column-2 fusion_builder_column_1_1 1_1 fusion-one-full fusion-column-first fusion-column-last fusion-animated\" style=\"--awb-bg-size:cover;\" data-animationType=\"fadeInLeft\" data-animationDuration=\"0.6\" data-animationOffset=\"top-into-view\"><div class=\"fusion-column-wrapper fusion-flex-column-wrapper-legacy\"><div class=\"fusion-title title fusion-title-2 fusion-sep-none fusion-title-center fusion-title-text fusion-title-size-two\" style=\"--awb-margin-top-small:0px;--awb-margin-right-small:0px;--awb-margin-bottom-small:20px;--awb-margin-left-small:0px;\"><h2 class=\"fusion-title-heading title-heading-center\" style=\"margin:0;\"><p style=\"text-align: center;\">Descubre Sant Joan de les Abadesses y V\u00edvela!<\/p><\/h2><\/div><div class=\"fusion-text fusion-text-1\"><p style=\"font-size: 25px; text-align: center;\"><strong>Una poblaci\u00f3n con m\u00e1s de 1100 a\u00f1os de historia que respira pasado condal!<\/strong><\/p>\n<p style=\"text-align: center;\">Sant Joan de les Abadesses es un municipio integrado en el Baix Ripoll\u00e8s, que ha quedado al margen del valle de Ribes y de Camprodon con una trayectoria tur\u00edstica m\u00e1s larga que se origin\u00f3 a finales del siglo XIX. Sin embargo, en los \u00faltimos a\u00f1os, de forma lenta pero constante, nuestro pueblo ha potenciado el sector de los servicios y, sobre todo, la actividad tur\u00edstica, convirti\u00e9ndose en un destino para catalanes y extranjeros que visitan su patrimonio cultural, arquitect\u00f3nico y paisaj\u00edstico.<\/p>\n<\/div><div class=\"fusion-sep-clear\"><\/div><div class=\"fusion-separator fusion-no-large-visibility fusion-full-width-sep\" style=\"margin-left: auto;margin-right: auto;margin-top:120px;margin-bottom:20px;width:100%;\"><\/div><div class=\"fusion-sep-clear\"><\/div><div class=\"fusion-clearfix\"><\/div><\/div><\/div><\/div><\/div><div class=\"fusion-fullwidth fullwidth-box fusion-builder-row-3 hundred-percent-fullwidth non-hundred-percent-height-scrolling fusion-equal-height-columns\" style=\"--awb-border-radius-top-left:0px;--awb-border-radius-top-right:0px;--awb-border-radius-bottom-right:0px;--awb-border-radius-bottom-left:0px;--awb-padding-right:0px;--awb-padding-left:0px;--awb-flex-wrap:wrap;\" ><div class=\"fusion-builder-row fusion-row\"><div class=\"fusion-layout-column fusion_builder_column fusion-builder-column-3 fusion_builder_column_1_2 1_2 fusion-one-half fusion-column-first fusion-column-inner-bg-wrapper fusion-animated\" style=\"--awb-inner-bg-image:url(&#039;https:\/\/turismerural.labatllia.com\/wp-content\/uploads\/2020\/06\/Palau_Abadia.jpg&#039;);--awb-inner-bg-size:cover;width:50%;width:calc(50% - ( ( 0 ) * 0.5 ) );margin-right: 0px;\" data-animationType=\"fadeInLeft\" data-animationDuration=\"0.6\" data-animationOffset=\"top-into-view\"><span class=\"fusion-column-inner-bg hover-type-zoomin\"><span class=\"fusion-column-anchor\"><span class=\"fusion-column-inner-bg-image\"><\/span><\/span><\/span><div class=\"fusion-column-wrapper fusion-column-has-shadow fusion-flex-column-wrapper-legacy fusion-empty-column-bg-image fusion-column-has-bg-image\" data-bg-url=\"https:\/\/turismerural.labatllia.com\/wp-content\/uploads\/2020\/06\/Palau_Abadia.jpg\"><img decoding=\"async\" class=\"fusion-empty-dims-img-placeholder fusion-no-large-visibility\" aria-label=\"Palau_Abadia\" src=\"data:image\/svg+xml,%3Csvg%20xmlns%3D%27http%3A%2F%2Fwww.w3.org%2F2000%2Fsvg%27%20width%3D%27640%27%20height%3D%27421%27%20viewBox%3D%270%200%20640%20421%27%3E%3Crect%20width%3D%27640%27%20height%3D%27421%27%20fill-opacity%3D%220%22%2F%3E%3C%2Fsvg%3E\"><div class=\"fusion-clearfix\"><\/div><\/div><\/div><div class=\"fusion-layout-column fusion_builder_column fusion-builder-column-4 fusion_builder_column_1_2 1_2 fusion-one-half fusion-column-last\" style=\"--awb-padding-top:80px;--awb-padding-right:40px;--awb-padding-bottom:80px;--awb-padding-left:80px;--awb-bg-color:rgba(139,195,74,0.27);--awb-bg-color-hover:rgba(139,195,74,0.27);--awb-bg-size:cover;width:50%;width:calc(50% - ( ( 0 ) * 0.5 ) );\"><div class=\"fusion-column-wrapper fusion-column-has-shadow fusion-flex-column-wrapper-legacy\"><div class=\"fusion-title title fusion-title-3 fusion-sep-none fusion-title-text fusion-title-size-three\" style=\"--awb-text-color:#000000;--awb-margin-bottom:40px;--awb-margin-top-small:0px;--awb-margin-right-small:0px;--awb-margin-bottom-small:20px;--awb-margin-left-small:0px;--awb-sep-color:#494c4e;--awb-font-size:45px;\"><h3 class=\"fusion-title-heading title-heading-left\" style=\"margin:0;font-size:1em;\">Pas\u00e9ate por su historia y patrimonio!<\/h3><\/div><div class=\"fusion-sep-clear\"><\/div><div class=\"fusion-separator fusion-clearfix\" style=\"float:left;margin-bottom:40px;width:100%;max-width:60px;\"><div class=\"fusion-separator-border sep-single sep-solid\" style=\"--awb-height:20px;--awb-amount:20px;--awb-sep-color:#000000;border-color:#000000;border-top-width:4px;\"><\/div><\/div><div class=\"fusion-sep-clear\"><\/div><div class=\"fusion-text fusion-text-2\"><p>Descubre Sant Joan de las Abadesses y pas\u00e9ate. Esta villa ofrece mucha historia escondida entre sus monumentos. Vis\u00edtalos!<br \/>\n&#8211; La Vila Vella<br \/>\n&#8211; El Monasterio<br \/>\n&#8211; El Palacio de l&#8217;Abadia<br \/>\n&#8211; Casa Maragall<br \/>\n&#8211; Iglesia de Sant Pol<br \/>\n&#8211; El Pont Vell<br \/>\n&#8211; La plaza Mayor<br \/>\n&#8211; Ecomuseo el Mol\u00ed Petit<\/p>\n<p>&#8230; i mucho m\u00e1s<\/p>\n<\/div><div class=\"fusion-sep-clear\"><\/div><div class=\"fusion-separator fusion-clearfix\" style=\"float:left;margin-bottom:40px;width:100%;max-width:60px;\"><\/div><div class=\"fusion-sep-clear\"><\/div><div class=\"fusion-button-wrapper\"><a class=\"fusion-button button-flat button-xlarge button-default fusion-button-default button-2 fusion-button-default-span fusion-button-default-type fusion-animated\" data-animationType=\"fadeInLeft\" data-animationDuration=\"0.6\" data-animationOffset=\"top-into-view\" target=\"_blank\" rel=\"noopener noreferrer\" href=\"https:\/\/www.santjoandelesabadesses.cat\/index.php\/turisme\"><span class=\"fusion-button-text awb-button__text awb-button__text--default\">VISITA SANT JOAN<\/span><\/a><\/div><div class=\"fusion-clearfix\"><\/div><\/div><\/div><\/div><\/div><div class=\"fusion-fullwidth fullwidth-box fusion-builder-row-4 hundred-percent-fullwidth non-hundred-percent-height-scrolling fusion-equal-height-columns\" style=\"--awb-border-radius-top-left:0px;--awb-border-radius-top-right:0px;--awb-border-radius-bottom-right:0px;--awb-border-radius-bottom-left:0px;--awb-padding-right:0px;--awb-padding-left:0px;--awb-flex-wrap:wrap;\" ><div class=\"fusion-builder-row fusion-row\"><div class=\"fusion-layout-column fusion_builder_column fusion-builder-column-5 fusion_builder_column_1_2 1_2 fusion-one-half fusion-column-first\" style=\"--awb-padding-top:80px;--awb-padding-right:80px;--awb-padding-bottom:80px;--awb-padding-left:40px;--awb-bg-color:rgba(139,195,74,0.27);--awb-bg-color-hover:rgba(139,195,74,0.27);--awb-bg-size:cover;width:50%;width:calc(50% - ( ( 0 ) * 0.5 ) );margin-right: 0px;\"><div class=\"fusion-column-wrapper fusion-column-has-shadow fusion-flex-column-wrapper-legacy\"><div class=\"fusion-title title fusion-title-4 fusion-sep-none fusion-title-text fusion-title-size-three\" style=\"--awb-text-color:#000000;--awb-margin-bottom:40px;--awb-margin-top-small:0px;--awb-margin-right-small:0px;--awb-margin-bottom-small:20px;--awb-margin-left-small:0px;--awb-font-size:45px;\"><h3 class=\"fusion-title-heading title-heading-left\" style=\"margin:0;font-size:1em;\">Con\u00e9ctate con la naturaleza y rel\u00e1jate!<\/h3><\/div><div class=\"fusion-sep-clear\"><\/div><div class=\"fusion-separator fusion-clearfix\" style=\"float:left;margin-bottom:40px;width:100%;max-width:60px;\"><div class=\"fusion-separator-border sep-single sep-solid\" style=\"--awb-height:20px;--awb-amount:20px;--awb-sep-color:#000000;border-color:#000000;border-top-width:4px;\"><\/div><\/div><div class=\"fusion-sep-clear\"><\/div><div class=\"fusion-text fusion-text-3\"><p>Sant Joan de les Abadesses est\u00e1 rodeada de naturaleza. Diferentes rutas de senderismo y ciclismo te permitir\u00e1n disfrutar al m\u00e1ximo. Ven y respira-la!<br \/>\n&#8211; Rutas senderistas<br \/>\n&#8211; Rutas ciclistas<br \/>\n&#8211; Rutas literarias<\/p>\n<\/div><div class=\"fusion-sep-clear\"><\/div><div class=\"fusion-separator fusion-clearfix\" style=\"float:left;margin-bottom:40px;width:100%;max-width:60px;\"><\/div><div class=\"fusion-sep-clear\"><\/div><div class=\"fusion-button-wrapper\"><a class=\"fusion-button button-flat button-xlarge button-default fusion-button-default button-3 fusion-button-default-span fusion-button-default-type fusion-animated\" data-animationType=\"fadeInLeft\" data-animationDuration=\"0.6\" data-animationOffset=\"top-into-view\" target=\"_self\" href=\"https:\/\/www.santjoandelesabadesses.cat\/index.php\/que-fer\/rutes-2\"><span class=\"fusion-button-text awb-button__text awb-button__text--default\">A PIE O EN BICICLETA, COMO QUIERAS!<\/span><\/a><\/div><div class=\"fusion-clearfix\"><\/div><\/div><\/div><div class=\"fusion-layout-column fusion_builder_column fusion-builder-column-6 fusion_builder_column_1_2 1_2 fusion-one-half fusion-column-last fusion-column-inner-bg-wrapper fusion-animated\" style=\"--awb-inner-bg-image:url(&#039;https:\/\/turismerural.labatllia.com\/wp-content\/uploads\/2020\/06\/Miniatura_RUTA_DEL_FERRO.jpg&#039;);--awb-inner-bg-size:cover;width:50%;width:calc(50% - ( ( 0 ) * 0.5 ) );\" data-animationType=\"fadeInRight\" data-animationDuration=\"0.6\" data-animationOffset=\"top-into-view\"><span class=\"fusion-column-inner-bg hover-type-zoomin\"><span class=\"fusion-column-anchor\"><span class=\"fusion-column-inner-bg-image\"><\/span><\/span><\/span><div class=\"fusion-column-wrapper fusion-column-has-shadow fusion-flex-column-wrapper-legacy fusion-empty-column-bg-image fusion-column-has-bg-image\" data-bg-url=\"https:\/\/turismerural.labatllia.com\/wp-content\/uploads\/2020\/06\/Miniatura_RUTA_DEL_FERRO.jpg\"><img decoding=\"async\" class=\"fusion-empty-dims-img-placeholder fusion-no-large-visibility\" aria-label=\"Miniatura_RUTA_DEL_FERRO\" src=\"data:image\/svg+xml,%3Csvg%20xmlns%3D%27http%3A%2F%2Fwww.w3.org%2F2000%2Fsvg%27%20width%3D%271000%27%20height%3D%27667%27%20viewBox%3D%270%200%201000%20667%27%3E%3Crect%20width%3D%271000%27%20height%3D%27667%27%20fill-opacity%3D%220%22%2F%3E%3C%2Fsvg%3E\"><div class=\"fusion-clearfix\"><\/div><\/div><\/div><\/div><\/div><div class=\"fusion-fullwidth fullwidth-box fusion-builder-row-5 hundred-percent-fullwidth non-hundred-percent-height-scrolling fusion-equal-height-columns\" style=\"--awb-border-radius-top-left:0px;--awb-border-radius-top-right:0px;--awb-border-radius-bottom-right:0px;--awb-border-radius-bottom-left:0px;--awb-padding-right:0px;--awb-padding-left:0px;--awb-flex-wrap:wrap;\" ><div class=\"fusion-builder-row fusion-row\"><div class=\"fusion-layout-column fusion_builder_column fusion-builder-column-7 fusion_builder_column_1_2 1_2 fusion-one-half fusion-column-first fusion-column-inner-bg-wrapper fusion-animated\" style=\"--awb-inner-bg-image:url(&#039;https:\/\/turismerural.labatllia.com\/wp-content\/uploads\/2024\/06\/comtearnaufestival.jpg&#039;);--awb-inner-bg-size:cover;width:50%;width:calc(50% - ( ( 0 ) * 0.5 ) );margin-right: 0px;\" data-animationType=\"fadeInLeft\" data-animationDuration=\"0.6\" data-animationOffset=\"top-into-view\"><span class=\"fusion-column-inner-bg hover-type-zoomin\"><span class=\"fusion-column-anchor\"><span class=\"fusion-column-inner-bg-image\"><\/span><\/span><\/span><div class=\"fusion-column-wrapper fusion-column-has-shadow fusion-flex-column-wrapper-legacy fusion-empty-column-bg-image fusion-column-has-bg-image\" data-bg-url=\"https:\/\/turismerural.labatllia.com\/wp-content\/uploads\/2024\/06\/comtearnaufestival.jpg\"><img decoding=\"async\" class=\"fusion-empty-dims-img-placeholder fusion-no-large-visibility\" aria-label=\"comtearnaufestival\" src=\"data:image\/svg+xml,%3Csvg%20xmlns%3D%27http%3A%2F%2Fwww.w3.org%2F2000%2Fsvg%27%20width%3D%271920%27%20height%3D%271080%27%20viewBox%3D%270%200%201920%201080%27%3E%3Crect%20width%3D%271920%27%20height%3D%271080%27%20fill-opacity%3D%220%22%2F%3E%3C%2Fsvg%3E\"><div class=\"fusion-clearfix\"><\/div><\/div><\/div><div class=\"fusion-layout-column fusion_builder_column fusion-builder-column-8 fusion_builder_column_1_2 1_2 fusion-one-half fusion-column-last\" style=\"--awb-padding-top:80px;--awb-padding-right:40px;--awb-padding-bottom:80px;--awb-padding-left:80px;--awb-bg-color:rgba(139,195,74,0.27);--awb-bg-color-hover:rgba(139,195,74,0.27);--awb-bg-size:cover;width:50%;width:calc(50% - ( ( 0 ) * 0.5 ) );\"><div class=\"fusion-column-wrapper fusion-flex-column-wrapper-legacy\"><div class=\"fusion-title title fusion-title-5 fusion-sep-none fusion-title-text fusion-title-size-three\" style=\"--awb-text-color:#000000;--awb-margin-bottom:40px;--awb-margin-top-small:0px;--awb-margin-right-small:0px;--awb-margin-bottom-small:20px;--awb-margin-left-small:0px;--awb-sep-color:#494c4e;--awb-font-size:45px;\"><h3 class=\"fusion-title-heading title-heading-left\" style=\"margin:0;font-size:1em;\">Vive y disfruta la fiesta!<\/h3><\/div><div class=\"fusion-sep-clear\"><\/div><div class=\"fusion-separator fusion-clearfix\" style=\"float:left;margin-bottom:40px;width:100%;max-width:60px;\"><div class=\"fusion-separator-border sep-single sep-solid\" style=\"--awb-height:20px;--awb-amount:20px;--awb-sep-color:#000000;border-color:#000000;border-top-width:4px;\"><\/div><\/div><div class=\"fusion-sep-clear\"><\/div><div class=\"fusion-text fusion-text-4\"><p>En Sant Joan la fiesta la hacemos grande, la vivimos y la sentimos como una parte m\u00e1s de nuestro car\u00e1cter. Ven y vive con nosotros. Su\u00e9ltate, canta, baila, escucha y disfruta!<br \/>\n&#8211; Fiesta del Grito<br \/>\n&#8211; Festival del Conde Arnau<\/p>\n<\/div><div class=\"fusion-sep-clear\"><\/div><div class=\"fusion-separator fusion-clearfix\" style=\"float:left;margin-bottom:40px;width:100%;max-width:60px;\"><\/div><div class=\"fusion-sep-clear\"><\/div><div class=\"fusion-button-wrapper\"><a class=\"fusion-button button-flat button-xlarge button-default fusion-button-default button-4 fusion-button-default-span fusion-button-default-type fusion-animated\" data-animationType=\"fadeInLeft\" data-animationDuration=\"0.6\" data-animationOffset=\"top-into-view\" target=\"_blank\" rel=\"noopener noreferrer\" href=\"https:\/\/www.santjoandelesabadesses.cat\/index.php\/que-fer\/esdeveniments-anuals\"><span class=\"fusion-button-text awb-button__text awb-button__text--default\">DISFRUTA Y DIVI\u00c9RTETE!<\/span><\/a><\/div><div class=\"fusion-clearfix\"><\/div><\/div><\/div><\/div><\/div><div class=\"fusion-fullwidth fullwidth-box fusion-builder-row-6 hundred-percent-fullwidth non-hundred-percent-height-scrolling fusion-equal-height-columns\" style=\"--awb-border-radius-top-left:0px;--awb-border-radius-top-right:0px;--awb-border-radius-bottom-right:0px;--awb-border-radius-bottom-left:0px;--awb-padding-top:150px;--awb-padding-right:0px;--awb-padding-left:0px;--awb-flex-wrap:wrap;\" ><div class=\"fusion-builder-row fusion-row\"><div class=\"fusion-layout-column fusion_builder_column fusion-builder-column-9 fusion_builder_column_1_1 1_1 fusion-one-full fusion-column-first fusion-column-last\" style=\"--awb-padding-right:5%;--awb-padding-left:5%;--awb-bg-color:rgba(255,255,255,0.27);--awb-bg-color-hover:rgba(255,255,255,0.27);--awb-bg-size:cover;\"><div class=\"fusion-column-wrapper fusion-column-has-shadow fusion-flex-column-wrapper-legacy\"><div class=\"fusion-title title fusion-title-6 fusion-sep-none fusion-title-center fusion-title-text fusion-title-size-three\" style=\"--awb-text-color:#000000;--awb-margin-bottom:40px;--awb-margin-top-small:0px;--awb-margin-right-small:0px;--awb-margin-bottom-small:20px;--awb-margin-left-small:0px;--awb-sep-color:#494c4e;--awb-font-size:45px;\"><h3 class=\"fusion-title-heading title-heading-center\" style=\"margin:0;font-size:1em;\">En la comarca&#8230;<\/h3><\/div><div class=\"fusion-text fusion-text-5\"><h3 class=\"fusion-responsive-typography-calculated\" style=\"text-align: center;\" data-fontsize=\"21\" data-lineheight=\"31.5px\">Si es de los que te gusta pasear y descubrir territorio, o simplemente buscas otras actividades para practicar a tu aire, desde la Batllia estar\u00e1s en medio de todo. La comarca del Ripoll\u00e8s tiene una gran oferta de actividades tur\u00edsticas para todos y para todos los gustos. Una oferta que nunca se acaba!<\/h3>\n<\/div><div class=\"fusion-sep-clear\"><\/div><div class=\"fusion-separator fusion-clearfix\" style=\"float:left;margin-bottom:40px;width:100%;max-width:60px;\"><\/div><div class=\"fusion-sep-clear\"><\/div><div class=\"fusion-aligncenter\"><a class=\"fusion-button button-flat button-xlarge button-default fusion-button-default button-5 fusion-button-default-span fusion-button-default-type fusion-animated\" data-animationType=\"fadeInLeft\" data-animationDuration=\"0.6\" data-animationOffset=\"top-into-view\" target=\"_blank\" rel=\"noopener noreferrer\" href=\"http:\/\/www.elripolles.com\"><span class=\"fusion-button-text awb-button__text awb-button__text--default\">DESCUBRE Y VIVE EL RIPOLL\u00c8S!<\/span><\/a><\/div><div class=\"fusion-clearfix\"><\/div><\/div><\/div><\/div><\/div><div class=\"fusion-fullwidth fullwidth-box fusion-builder-row-7 hundred-percent-fullwidth non-hundred-percent-height-scrolling fusion-equal-height-columns\" style=\"--awb-border-radius-top-left:0px;--awb-border-radius-top-right:0px;--awb-border-radius-bottom-right:0px;--awb-border-radius-bottom-left:0px;--awb-padding-top:150px;--awb-padding-right:0px;--awb-padding-left:0px;--awb-flex-wrap:wrap;\" ><div class=\"fusion-builder-row fusion-row\"><div class=\"fusion-layout-column fusion_builder_column fusion-builder-column-10 fusion_builder_column_1_1 1_1 fusion-one-full fusion-column-first fusion-column-last\" style=\"--awb-padding-right:5%;--awb-padding-left:5%;--awb-bg-color:rgba(255,255,255,0.27);--awb-bg-color-hover:rgba(255,255,255,0.27);--awb-bg-size:cover;\"><div class=\"fusion-column-wrapper fusion-column-has-shadow fusion-flex-column-wrapper-legacy\"><div class=\"fusion-title title fusion-title-7 fusion-sep-none fusion-title-center fusion-title-text fusion-title-size-three\" style=\"--awb-text-color:#000000;--awb-margin-bottom:40px;--awb-margin-top-small:0px;--awb-margin-right-small:0px;--awb-margin-bottom-small:20px;--awb-margin-left-small:0px;--awb-sep-color:#494c4e;--awb-font-size:45px;\"><h3 class=\"fusion-title-heading title-heading-center\" style=\"margin:0;font-size:1em;\">En la comarca&#8230;<\/h3><\/div><div class=\"fusion-text fusion-text-6\"><h3 class=\"fusion-responsive-typography-calculated\" style=\"text-align: center;\" data-fontsize=\"21\" data-lineheight=\"31.5px\">Si es de los que te gusta pasear y descubrir territorio, o simplemente buscas otras actividades para practicar a tu aire, desde la Batllia estar\u00e1s en medio de todo. La comarca del Ripoll\u00e8s tiene una gran oferta de actividades tur\u00edsticas para todos y para todos los gustos. Una oferta que nunca se acaba!<\/h3>\n<\/div><div class=\"fusion-sep-clear\"><\/div><div class=\"fusion-separator fusion-clearfix\" style=\"float:left;margin-bottom:40px;width:100%;max-width:60px;\"><\/div><div class=\"fusion-sep-clear\"><\/div><div class=\"fusion-aligncenter\"><a class=\"fusion-button button-flat button-xlarge button-default fusion-button-default button-6 fusion-button-default-span fusion-button-default-type fusion-animated\" data-animationType=\"fadeInLeft\" data-animationDuration=\"0.6\" data-animationOffset=\"top-into-view\" target=\"_blank\" rel=\"noopener noreferrer\" href=\"http:\/\/www.elripolles.com\"><span class=\"fusion-button-text awb-button__text awb-button__text--default\">DESCUBRE Y VIVE EL RIPOLL\u00c8S!<\/span><\/a><\/div><div class=\"fusion-clearfix\"><\/div><\/div><\/div><\/div><\/div><div class=\"fusion-fullwidth fullwidth-box fusion-builder-row-8 hundred-percent-fullwidth non-hundred-percent-height-scrolling fusion-equal-height-columns\" style=\"--awb-border-radius-top-left:0px;--awb-border-radius-top-right:0px;--awb-border-radius-bottom-right:0px;--awb-border-radius-bottom-left:0px;--awb-padding-top:150px;--awb-padding-right:0px;--awb-padding-left:0px;--awb-flex-wrap:wrap;\" ><div class=\"fusion-builder-row fusion-row\"><div class=\"fusion-layout-column fusion_builder_column fusion-builder-column-11 fusion_builder_column_1_1 1_1 fusion-one-full fusion-column-first fusion-column-last\" style=\"--awb-padding-right:5%;--awb-padding-left:5%;--awb-bg-color:rgba(255,255,255,0.27);--awb-bg-color-hover:rgba(255,255,255,0.27);--awb-bg-size:cover;\"><div class=\"fusion-column-wrapper fusion-column-has-shadow fusion-flex-column-wrapper-legacy\"><div class=\"fusion-title title fusion-title-8 fusion-sep-none fusion-title-center fusion-title-text fusion-title-size-three\" style=\"--awb-text-color:#000000;--awb-margin-bottom:40px;--awb-margin-top-small:0px;--awb-margin-right-small:0px;--awb-margin-bottom-small:20px;--awb-margin-left-small:0px;--awb-sep-color:#494c4e;--awb-font-size:45px;\"><h3 class=\"fusion-title-heading title-heading-center\" style=\"margin:0;font-size:1em;\">En la comarca&#8230;<\/h3><\/div><div class=\"fusion-text fusion-text-7\"><h3 class=\"fusion-responsive-typography-calculated\" style=\"text-align: center;\" data-fontsize=\"21\" data-lineheight=\"31.5px\">Si es de los que te gusta pasear y descubrir territorio, o simplemente buscas otras actividades para practicar a tu aire, desde la Batllia estar\u00e1s en medio de todo. La comarca del Ripoll\u00e8s tiene una gran oferta de actividades tur\u00edsticas para todos y para todos los gustos. Una oferta que nunca se acaba!<\/h3>\n<\/div><div class=\"fusion-sep-clear\"><\/div><div class=\"fusion-separator fusion-clearfix\" style=\"float:left;margin-bottom:40px;width:100%;max-width:60px;\"><\/div><div class=\"fusion-sep-clear\"><\/div><div class=\"fusion-aligncenter\"><a class=\"fusion-button button-flat button-xlarge button-default fusion-button-default button-7 fusion-button-default-span fusion-button-default-type fusion-animated\" data-animationType=\"fadeInLeft\" data-animationDuration=\"0.6\" data-animationOffset=\"top-into-view\" target=\"_blank\" rel=\"noopener noreferrer\" href=\"http:\/\/www.elripolles.com\"><span class=\"fusion-button-text awb-button__text awb-button__text--default\">DESCUBRE Y VIVE EL RIPOLL\u00c8S!<\/span><\/a><\/div><div class=\"fusion-clearfix\"><\/div><\/div><\/div><\/div><\/div><\/p>\n","protected":false},"excerpt":{"rendered":"","protected":false},"author":1,"featured_media":0,"parent":0,"menu_order":0,"comment_status":"closed","ping_status":"closed","template":"100-width.php","meta":{"footnotes":""},"class_list":["post-1173","page","type-page","status-publish","hentry"],"yoast_head":"<!-- This site is optimized with the Yoast SEO plugin v27.3 - https:\/\/yoast.com\/product\/yoast-seo-wordpress\/ -->\n<title>Descubre Sant Joan de les Abadesses desde la Batllia y V\u00edvela!<\/title>\n<meta name=\"description\" content=\"Una poblaci\u00f3n con m\u00e1s de 1100 a\u00f1os de historia que respira pasado condal. Historia y patrimonio. Naturaleza y deporte. Fiestas y tradiciones\" \/>\n<meta name=\"robots\" content=\"index, follow, max-snippet:-1, max-image-preview:large, max-video-preview:-1\" \/>\n<link rel=\"canonical\" href=\"https:\/\/turismerural.labatllia.com\/es\/sant-joan-de-les-abadesses\/\" \/>\n<meta property=\"og:locale\" content=\"es_ES\" \/>\n<meta property=\"og:type\" content=\"article\" \/>\n<meta property=\"og:title\" content=\"Descubre Sant Joan de les Abadesses desde la Batllia y V\u00edvela!\" \/>\n<meta property=\"og:description\" content=\"Una poblaci\u00f3n con m\u00e1s de 1100 a\u00f1os de historia que respira pasado condal. Historia y patrimonio. Naturaleza y deporte. Fiestas y tradiciones\" \/>\n<meta property=\"og:url\" content=\"https:\/\/turismerural.labatllia.com\/es\/sant-joan-de-les-abadesses\/\" \/>\n<meta property=\"og:site_name\" content=\"LA BATLLIA\" \/>\n<meta property=\"article:modified_time\" content=\"2024-06-26T08:10:25+00:00\" \/>\n<meta name=\"twitter:card\" content=\"summary_large_image\" \/>\n<meta name=\"twitter:label1\" content=\"Tiempo de lectura\" \/>\n\t<meta name=\"twitter:data1\" content=\"11 minutos\" \/>\n<script type=\"application\/ld+json\" class=\"yoast-schema-graph\">{\"@context\":\"https:\\\/\\\/schema.org\",\"@graph\":[{\"@type\":\"WebPage\",\"@id\":\"https:\\\/\\\/turismerural.labatllia.com\\\/es\\\/sant-joan-de-les-abadesses\\\/\",\"url\":\"https:\\\/\\\/turismerural.labatllia.com\\\/es\\\/sant-joan-de-les-abadesses\\\/\",\"name\":\"Descubre Sant Joan de les Abadesses desde la Batllia y V\u00edvela!\",\"isPartOf\":{\"@id\":\"https:\\\/\\\/turismerural.labatllia.com\\\/#website\"},\"datePublished\":\"2020-06-11T08:41:21+00:00\",\"dateModified\":\"2024-06-26T08:10:25+00:00\",\"description\":\"Una poblaci\u00f3n con m\u00e1s de 1100 a\u00f1os de historia que respira pasado condal. Historia y patrimonio. Naturaleza y deporte. Fiestas y tradiciones\",\"breadcrumb\":{\"@id\":\"https:\\\/\\\/turismerural.labatllia.com\\\/es\\\/sant-joan-de-les-abadesses\\\/#breadcrumb\"},\"inLanguage\":\"es\",\"potentialAction\":[{\"@type\":\"ReadAction\",\"target\":[\"https:\\\/\\\/turismerural.labatllia.com\\\/es\\\/sant-joan-de-les-abadesses\\\/\"]}]},{\"@type\":\"BreadcrumbList\",\"@id\":\"https:\\\/\\\/turismerural.labatllia.com\\\/es\\\/sant-joan-de-les-abadesses\\\/#breadcrumb\",\"itemListElement\":[{\"@type\":\"ListItem\",\"position\":1,\"name\":\"Inici\",\"item\":\"https:\\\/\\\/turismerural.labatllia.com\\\/es\\\/\"},{\"@type\":\"ListItem\",\"position\":2,\"name\":\"Descubre Sant Joan de les Abadesses desde la Batllia y V\u00edvela!\"}]},{\"@type\":\"WebSite\",\"@id\":\"https:\\\/\\\/turismerural.labatllia.com\\\/#website\",\"url\":\"https:\\\/\\\/turismerural.labatllia.com\\\/\",\"name\":\"LA BATLLIA\",\"description\":\"Turisme Rural a Sant Joan de les Abadesses\",\"potentialAction\":[{\"@type\":\"SearchAction\",\"target\":{\"@type\":\"EntryPoint\",\"urlTemplate\":\"https:\\\/\\\/turismerural.labatllia.com\\\/?s={search_term_string}\"},\"query-input\":{\"@type\":\"PropertyValueSpecification\",\"valueRequired\":true,\"valueName\":\"search_term_string\"}}],\"inLanguage\":\"es\"}]}<\/script>\n<!-- \/ Yoast SEO plugin. -->","yoast_head_json":{"title":"Descubre Sant Joan de les Abadesses desde la Batllia y V\u00edvela!","description":"Una poblaci\u00f3n con m\u00e1s de 1100 a\u00f1os de historia que respira pasado condal. Historia y patrimonio. Naturaleza y deporte. Fiestas y tradiciones","robots":{"index":"index","follow":"follow","max-snippet":"max-snippet:-1","max-image-preview":"max-image-preview:large","max-video-preview":"max-video-preview:-1"},"canonical":"https:\/\/turismerural.labatllia.com\/es\/sant-joan-de-les-abadesses\/","og_locale":"es_ES","og_type":"article","og_title":"Descubre Sant Joan de les Abadesses desde la Batllia y V\u00edvela!","og_description":"Una poblaci\u00f3n con m\u00e1s de 1100 a\u00f1os de historia que respira pasado condal. Historia y patrimonio. Naturaleza y deporte. Fiestas y tradiciones","og_url":"https:\/\/turismerural.labatllia.com\/es\/sant-joan-de-les-abadesses\/","og_site_name":"LA BATLLIA","article_modified_time":"2024-06-26T08:10:25+00:00","twitter_card":"summary_large_image","twitter_misc":{"Tiempo de lectura":"11 minutos"},"schema":{"@context":"https:\/\/schema.org","@graph":[{"@type":"WebPage","@id":"https:\/\/turismerural.labatllia.com\/es\/sant-joan-de-les-abadesses\/","url":"https:\/\/turismerural.labatllia.com\/es\/sant-joan-de-les-abadesses\/","name":"Descubre Sant Joan de les Abadesses desde la Batllia y V\u00edvela!","isPartOf":{"@id":"https:\/\/turismerural.labatllia.com\/#website"},"datePublished":"2020-06-11T08:41:21+00:00","dateModified":"2024-06-26T08:10:25+00:00","description":"Una poblaci\u00f3n con m\u00e1s de 1100 a\u00f1os de historia que respira pasado condal. Historia y patrimonio. Naturaleza y deporte. Fiestas y tradiciones","breadcrumb":{"@id":"https:\/\/turismerural.labatllia.com\/es\/sant-joan-de-les-abadesses\/#breadcrumb"},"inLanguage":"es","potentialAction":[{"@type":"ReadAction","target":["https:\/\/turismerural.labatllia.com\/es\/sant-joan-de-les-abadesses\/"]}]},{"@type":"BreadcrumbList","@id":"https:\/\/turismerural.labatllia.com\/es\/sant-joan-de-les-abadesses\/#breadcrumb","itemListElement":[{"@type":"ListItem","position":1,"name":"Inici","item":"https:\/\/turismerural.labatllia.com\/es\/"},{"@type":"ListItem","position":2,"name":"Descubre Sant Joan de les Abadesses desde la Batllia y V\u00edvela!"}]},{"@type":"WebSite","@id":"https:\/\/turismerural.labatllia.com\/#website","url":"https:\/\/turismerural.labatllia.com\/","name":"LA BATLLIA","description":"Turisme Rural a Sant Joan de les Abadesses","potentialAction":[{"@type":"SearchAction","target":{"@type":"EntryPoint","urlTemplate":"https:\/\/turismerural.labatllia.com\/?s={search_term_string}"},"query-input":{"@type":"PropertyValueSpecification","valueRequired":true,"valueName":"search_term_string"}}],"inLanguage":"es"}]}},"_links":{"self":[{"href":"https:\/\/turismerural.labatllia.com\/es\/wp-json\/wp\/v2\/pages\/1173","targetHints":{"allow":["GET"]}}],"collection":[{"href":"https:\/\/turismerural.labatllia.com\/es\/wp-json\/wp\/v2\/pages"}],"about":[{"href":"https:\/\/turismerural.labatllia.com\/es\/wp-json\/wp\/v2\/types\/page"}],"author":[{"embeddable":true,"href":"https:\/\/turismerural.labatllia.com\/es\/wp-json\/wp\/v2\/users\/1"}],"replies":[{"embeddable":true,"href":"https:\/\/turismerural.labatllia.com\/es\/wp-json\/wp\/v2\/comments?post=1173"}],"version-history":[{"count":32,"href":"https:\/\/turismerural.labatllia.com\/es\/wp-json\/wp\/v2\/pages\/1173\/revisions"}],"predecessor-version":[{"id":2367,"href":"https:\/\/turismerural.labatllia.com\/es\/wp-json\/wp\/v2\/pages\/1173\/revisions\/2367"}],"wp:attachment":[{"href":"https:\/\/turismerural.labatllia.com\/es\/wp-json\/wp\/v2\/media?parent=1173"}],"curies":[{"name":"wp","href":"https:\/\/api.w.org\/{rel}","templated":true}]}}